{"id":550,"date":"2019-07-31T13:10:49","date_gmt":"2019-07-31T16:10:49","guid":{"rendered":"http:\/\/laragricola.com.br\/?page_id=550"},"modified":"2025-06-17T13:50:06","modified_gmt":"2025-06-17T16:50:06","slug":"colaboradores","status":"publish","type":"page","link":"https:\/\/laragricola.com.br\/index.php\/colaboradores\/","title":{"rendered":"Colaboradores"},"content":{"rendered":"\n<ul>\n<li><a href=\"http:\/\/laragricola.com.br\/wp-content\/uploads\/2020\/10\/RECURSOS-HUMANOS.pdf\" target=\"_blank\" rel=\"noreferrer noopener\">Lista de Colaboradores &#8211; 2022<\/a><\/li>\n\n\n\n<li><a href=\"\/Users\/larag\/Downloads\/COLABORADORES%202023.pdf\" target=\"_blank\" rel=\"noreferrer noopener\">Lista de Colaboradores &#8211; 2023<\/a><\/li>\n\n\n\n<li><a href=\"\/Users\/larag\/Downloads\/COLABORADORES%202024.pdf\" target=\"_blank\" rel=\"noreferrer noopener\">Lista de Colaboradores &#8211; 2024<\/a><\/li>\n\n\n\n<li><a href=\"\/Users\/larag\/Downloads\/COLABORADORES%202025.pdf\" target=\"_blank\" rel=\"noreferrer noopener\">Lista de Colaboradores &#8211; 2025<\/a><\/li>\n<\/ul>\n\n\n\n<p>Clique nos links para acessar e baixar a lista de colaboradores.<\/p>\n\n\n\n<p>Abaixo est\u00e1 o <strong>organograma institucional atualizado <\/strong>do Lar Agr\u00edcola, com o objetivo de demonstrar de forma clara e visual a estrutura organizacional da entidade. Aqui destacamos os principais setores, cargos e a interliga\u00e7\u00e3o entre as equipes, refor\u00e7ando a import\u00e2ncia da atua\u00e7\u00e3o integrada para o bom funcionamento do acolhimento. A iniciativa visa promover maior transpar\u00eancia, alinhamento de fun\u00e7\u00f5es e valoriza\u00e7\u00e3o do trabalho de cada colaborador dentro da miss\u00e3o institucional.<\/p>\n\n\n\n<figure class=\"wp-block-image size-full\"><img loading=\"lazy\" decoding=\"async\" width=\"828\" height=\"546\" src=\"http:\/\/laragricola.com.br\/wp-content\/uploads\/2025\/06\/IMG_E38461.jpg\" alt=\"\" class=\"wp-image-1138\" srcset=\"https:\/\/laragricola.com.br\/wp-content\/uploads\/2025\/06\/IMG_E38461.jpg 828w, https:\/\/laragricola.com.br\/wp-content\/uploads\/2025\/06\/IMG_E38461-300x198.jpg 300w, https:\/\/laragricola.com.br\/wp-content\/uploads\/2025\/06\/IMG_E38461-768x506.jpg 768w\" sizes=\"(max-width: 828px) 100vw, 828px\" \/><\/figure>\n","protected":false},"excerpt":{"rendered":"<p>Clique nos links para acessar e baixar a lista de colaboradores. Abaixo [&hellip;]<\/p>\n","protected":false},"author":1,"featured_media":0,"parent":0,"menu_order":0,"comment_status":"closed","ping_status":"closed","template":"","meta":{"footnotes":""},"_links":{"self":[{"href":"https:\/\/laragricola.com.br\/index.php\/wp-json\/wp\/v2\/pages\/550"}],"collection":[{"href":"https:\/\/laragricola.com.br\/index.php\/wp-json\/wp\/v2\/pages"}],"about":[{"href":"https:\/\/laragricola.com.br\/index.php\/wp-json\/wp\/v2\/types\/page"}],"author":[{"embeddable":true,"href":"https:\/\/laragricola.com.br\/index.php\/wp-json\/wp\/v2\/users\/1"}],"replies":[{"embeddable":true,"href":"https:\/\/laragricola.com.br\/index.php\/wp-json\/wp\/v2\/comments?post=550"}],"version-history":[{"count":10,"href":"https:\/\/laragricola.com.br\/index.php\/wp-json\/wp\/v2\/pages\/550\/revisions"}],"predecessor-version":[{"id":1139,"href":"https:\/\/laragricola.com.br\/index.php\/wp-json\/wp\/v2\/pages\/550\/revisions\/1139"}],"wp:attachment":[{"href":"https:\/\/laragricola.com.br\/index.php\/wp-json\/wp\/v2\/media?parent=550"}],"curies":[{"name":"wp","href":"https:\/\/api.w.org\/{rel}","templated":true}]}}